{"id":145,"date":"2026-02-11T07:22:47","date_gmt":"2026-02-11T07:22:47","guid":{"rendered":"https:\/\/brennpunktschule.arto.work\/new\/?page_id=145"},"modified":"2026-03-04T10:55:46","modified_gmt":"2026-03-04T10:55:46","slug":"self-management","status":"publish","type":"page","link":"https:\/\/brennpunktschule.arto.work\/new\/self-management\/","title":{"rendered":"Self Management"},"content":{"rendered":"\n\n<figure itemscope itemtype=\"https:\/\/schema.org\/ImageObject\">\n\t\t\t\t<img decoding=\"async\" src=\"https:\/\/brennpunktschule.arto.work\/new\/wp-content\/uploads\/2026\/02\/yzuyhgxhwc7bmtznqze6.webp\" alt=\"yzuyhgxhwc7bmtznqze6\" height=\"714\" width=\"1137\" title=\"yzuyhgxhwc7bmtznqze6\" onerror=\"this.style.display='none'\" loading=\"lazy\" \/>\n\t<\/figure>\n<h3>\n\t\t\tSelbstmanagement\t<\/h3>\n\t<p>\u00abEs ist besser ein Licht anzuz\u00fcnden, als \u00fcber die Dunkelheit zu klagen.\u00bb (Laotse)<\/p>\n<strong>Selbstmanagement und Selbstf\u00fcrsorge<\/strong><br \/>\nIch unterst\u00fctze Sie dabei, Ihre Kr\u00e4fte bewusst einzuteilen und gut f\u00fcr sich zu sorgen.<br \/>\nGemeinsam entwickeln wir Strategien, um Belastungen fr\u00fchzeitig zu erkennen und gesund damit umzugehen.\n<p>Ziel ist es, Ihre Stabilit\u00e4t, Klarheit und Handlungsf\u00e4higkeit langfristig zu st\u00e4rken.<\/p>\n<strong>Burnout-Prophylaxe<\/strong><br \/>\nDauerhafte Belastung braucht bewusste Gegenbalance.<br \/>\nIch begleite Sie dabei, Warnsignale ernst zu nehmen, Grenzen zu setzen und neue Energiequellen zu erschliessen. F\u00fcr mehr innere Balance und nachhaltige Leistungsf\u00e4higkeit.\n<p>F\u00fcr die Arbeit brennen &#8211; aber nicht verbrennen.<\/p>\n\n","protected":false},"excerpt":{"rendered":"<p>Selbstmanagement \u00abEs ist besser ein Licht anzuz\u00fcnden, als \u00fcber die Dunkelheit zu klagen.\u00bb (Laotse) Selbstmanagement und Selbstf\u00fcrsorge Ich unterst\u00fctze Sie dabei, Ihre Kr\u00e4fte bewusst einzuteilen und gut f\u00fcr sich zu sorgen. Gemeinsam entwickeln wir Strategien, um Belastungen fr\u00fchzeitig zu erkennen und gesund damit umzugehen. Ziel ist es, Ihre Stabilit\u00e4t, Klarheit und Handlungsf\u00e4higkeit langfristig zu st\u00e4rken.&hellip;<\/p>\n","protected":false},"author":1,"featured_media":0,"parent":0,"menu_order":0,"comment_status":"closed","ping_status":"closed","template":"","meta":{"inline_featured_image":false,"footnotes":""},"class_list":["post-145","page","type-page","status-publish","hentry"],"_links":{"self":[{"href":"https:\/\/brennpunktschule.arto.work\/new\/wp-json\/wp\/v2\/pages\/145","targetHints":{"allow":["GET"]}}],"collection":[{"href":"https:\/\/brennpunktschule.arto.work\/new\/wp-json\/wp\/v2\/pages"}],"about":[{"href":"https:\/\/brennpunktschule.arto.work\/new\/wp-json\/wp\/v2\/types\/page"}],"author":[{"embeddable":true,"href":"https:\/\/brennpunktschule.arto.work\/new\/wp-json\/wp\/v2\/users\/1"}],"replies":[{"embeddable":true,"href":"https:\/\/brennpunktschule.arto.work\/new\/wp-json\/wp\/v2\/comments?post=145"}],"version-history":[{"count":5,"href":"https:\/\/brennpunktschule.arto.work\/new\/wp-json\/wp\/v2\/pages\/145\/revisions"}],"predecessor-version":[{"id":209,"href":"https:\/\/brennpunktschule.arto.work\/new\/wp-json\/wp\/v2\/pages\/145\/revisions\/209"}],"wp:attachment":[{"href":"https:\/\/brennpunktschule.arto.work\/new\/wp-json\/wp\/v2\/media?parent=145"}],"curies":[{"name":"wp","href":"https:\/\/api.w.org\/{rel}","templated":true}]}}